{"id":13,"date":"2017-03-15T11:30:45","date_gmt":"2017-03-15T14:30:45","guid":{"rendered":"http:\/\/gardeassociation.org\/?page_id=13"},"modified":"2022-11-11T14:37:09","modified_gmt":"2022-11-11T17:37:09","slug":"o-que-fazemos","status":"publish","type":"page","link":"https:\/\/gardeassociation.org\/pt\/o-que-fazemos\/","title":{"rendered":"O que fazemos"},"content":{"rendered":"<div id=\"dslc-main\">\r\n\t\t<div  class=\"dslc-modules-section \" style=\"\" data-section-id=\"b9a00c722e8\">\r\n\t\t\t\t\r\n\t\t\t\t\r\n\t\t\t\t<div class=\"dslc-modules-section-wrapper dslc-clearfix\"><div class=\"dslc-modules-area dslc-col dslc-2-col dslc-first-col dslc-valign- \" data-size=\"2\" data-valign=\"\"><\/div><div class=\"dslc-modules-area dslc-col dslc-10-col dslc-last-col dslc-valign- \" data-size=\"10\" data-valign=\"\">\r\n\t\t<div id=\"dslc-module-bf989c3c87a\" class=\"dslc-module-front dslc-module-DSLC_Image dslc-in-viewport-check dslc-in-viewport-anim-none  dslc-col dslc-4-col  dslc-module-handle-like-regular \" data-module-id=\"bf989c3c87a\" data-module=\"DSLC_Image\" data-dslc-module-size=\"4\" data-dslc-anim=\"none\" data-dslc-anim-delay=\"\" data-dslc-anim-duration=\"650\"  data-dslc-anim-easing=\"ease\" data-dslc-preset=\"none\" >\r\n\r\n\t\t\t\r\n\t\t\t\r\n\t\t\t\t<div class=\"dslc-image-container\">\r\n\t\t<div class=\"dslc-image\">\r\n\r\n\t\t\t\r\n\t\t\t\t\r\n\t\t\t\t\t\t\t\t\t<img src=\"https:\/\/gardeassociation.org\/pt\/wp-content\/uploads\/sites\/12\/2022\/07\/shane-rounce-DNkoNXQti3c-unsplash-scaled-300x300.jpg\" alt=\"\" title=\"\"   \/>\r\n\t\t\t\t\r\n\t\t\t\t\t\t\t\t\t<\/div><!-- .dslc-image -->\r\n\t\t<\/div>\r\n\t\t\r\n\t\t\t\t<\/div><!-- .dslc-module -->\r\n\t\t\r\n\t\t<div id=\"dslc-module-b52540c10de\" class=\"dslc-module-front dslc-module-DSLC_Text_Simple dslc-in-viewport-check dslc-in-viewport-anim-none  dslc-col dslc-8-col dslc-last-col  dslc-module-handle-like-regular \" data-module-id=\"b52540c10de\" data-module=\"DSLC_Text_Simple\" data-dslc-module-size=\"8\" data-dslc-anim=\"none\" data-dslc-anim-delay=\"\" data-dslc-anim-duration=\"650\"  data-dslc-anim-easing=\"ease\" data-dslc-preset=\"h1-vermelho\" >\r\n\r\n\t\t\t\r\n\t\t\t\r\n\t\t\r\n\t\t<div class=\"dslc-text-module-content\">\r\n\t\t\t<h1>Projetos<\/h1><p><span style=\"font-weight: 400;\">A GARDE se alicer\u00e7a na intera\u00e7\u00e3o com a comunidade e transpar\u00eancia na comunica\u00e7\u00e3o entre as institui\u00e7\u00f5es envolvidas e os atores locais. <\/span><span style=\"font-weight: 400;\">O desenvolvimento dos nossos projetos \u00e9 voltado para tecnologia para redu\u00e7\u00e3o do risco de desastres, abrindo espa\u00e7os de di\u00e1logo com a academia, representantes do poder p\u00fablico, empresas e comunidades. Estes di\u00e1logos refor\u00e7am a rela\u00e7\u00e3o de transpar\u00eancia e comprometimento da GARDE com a comunidade, para ent\u00e3o podermos dar seguimento \u00e0s atividades de levantamento e processamento de dados, que s\u00e3o necess\u00e1rias para o desenvolvimento dos projetos de tecnologia.\u00a0\u00a0<\/span><\/p>\t\t<\/div>\r\n\r\n\t\t\r\n\t\t\t\t<\/div><!-- .dslc-module -->\r\n\t\t\r\n\t\t<div id=\"dslc-module-n7k95q00q1o\" class=\"dslc-module-front dslc-module-DSLC_Button dslc-in-viewport-check dslc-in-viewport-anim-none  dslc-col dslc-7-col  dslc-module-handle-like-regular \" data-module-id=\"n7k95q00q1o\" data-module=\"DSLC_Button\" data-dslc-module-size=\"7\" data-dslc-anim=\"none\" data-dslc-anim-delay=\"\" data-dslc-anim-duration=\"650\"  data-dslc-anim-easing=\"ease\" data-dslc-preset=\"none\" >\r\n\r\n\t\t\t\r\n\t\t\t\r\n\t\t\r\n\t\t\t<div class=\"dslc-button\">\r\n\t\t\t\t\t\t\t\t\t<a href=\"projetos\" target=\"_self\"  onClick=\"\" class=\"\">\r\n\t\t\t\t\t\t\t\t\t\t\t\t\t\t\t\t\t\t\t<span><\/span>\r\n\t\t\t\t\t\t\t\t\t\t\t\t\t\t\t\t\t\t\t\t\t\t\t\t\t\t\t<span class=\"dslc-icon dslc-icon-plus\"><\/span>\t\r\n\t\t\t\t\t\t\t\t\t\t\t\t\t\t\t\t\t\t<\/a>\r\n\t\t\t\t\t\t\t<\/div><!-- .dslc-button -->\r\n\r\n\r\n\t\t\t\t\t\t\r\n\t\t\t\t<\/div><!-- .dslc-module -->\r\n\t\t\r\n\t\t<div id=\"dslc-module-e3980b1730d\" class=\"dslc-module-front dslc-module-DSLC_Separator dslc-in-viewport-check dslc-in-viewport-anim-none  dslc-col dslc-12-col  dslc-module-handle-like-regular \" data-module-id=\"e3980b1730d\" data-module=\"DSLC_Separator\" data-dslc-module-size=\"12\" data-dslc-anim=\"none\" data-dslc-anim-delay=\"0\" data-dslc-anim-duration=\"650\"  data-dslc-anim-easing=\"ease\" data-dslc-preset=\"none\" >\r\n\r\n\t\t\t\r\n\t\t\t\r\n\t\t\t\t\t<div class=\"dslc-separator-wrapper\">\r\n\t\t\t\t<div class=\"dslc-separator dslc-separator-style-invisible\">\r\n\t\t\t\t\t\t\t\t\t<\/div>\r\n\t\t\t\t<div><\/div>\r\n\t\t\t<\/div><!-- .dslc-separator-wrapper -->\r\n\t\t\t\r\n\t\t\t\t<\/div><!-- .dslc-module -->\r\n\t\t\r\n\t\t<div id=\"dslc-module-rvqj8mjau7\" class=\"dslc-module-front dslc-module-DSLC_Image dslc-in-viewport-check dslc-in-viewport-anim-none  dslc-col dslc-4-col  dslc-module-handle-like-regular \" data-module-id=\"rvqj8mjau7\" data-module=\"DSLC_Image\" data-dslc-module-size=\"4\" data-dslc-anim=\"none\" data-dslc-anim-delay=\"\" data-dslc-anim-duration=\"650\"  data-dslc-anim-easing=\"ease\" data-dslc-preset=\"none\" >\r\n\r\n\t\t\t\r\n\t\t\t\r\n\t\t\t\t<div class=\"dslc-image-container\">\r\n\t\t<div class=\"dslc-image\">\r\n\r\n\t\t\t\r\n\t\t\t\t\r\n\t\t\t\t\t\t\t\t\t<img src=\"https:\/\/gardeassociation.org\/pt\/wp-content\/uploads\/sites\/12\/2022\/07\/forest-pixabay-300x300.jpg\" alt=\"\" title=\"\"   \/>\r\n\t\t\t\t\r\n\t\t\t\t\t\t\t\t\t<\/div><!-- .dslc-image -->\r\n\t\t<\/div>\r\n\t\t\r\n\t\t\t\t<\/div><!-- .dslc-module -->\r\n\t\t\r\n\t\t<div id=\"dslc-module-r0p47487j3o\" class=\"dslc-module-front dslc-module-DSLC_Text_Simple dslc-in-viewport-check dslc-in-viewport-anim-none  dslc-col dslc-8-col dslc-last-col  dslc-module-handle-like-regular \" data-module-id=\"r0p47487j3o\" data-module=\"DSLC_Text_Simple\" data-dslc-module-size=\"8\" data-dslc-anim=\"none\" data-dslc-anim-delay=\"\" data-dslc-anim-duration=\"650\"  data-dslc-anim-easing=\"ease\" data-dslc-preset=\"h1-vermelho\" >\r\n\r\n\t\t\t\r\n\t\t\t\r\n\t\t\r\n\t\t<div class=\"dslc-text-module-content\">\r\n\t\t\t<h1>Iniciativas<\/h1><p>Todas as atividades da GARDE s\u00e3o direcionadas para projetos que previnam desastres naturais ou visem a recupera\u00e7\u00e3o do meio ambiente. Acreditamos que a resili\u00eancia e a capacidade de restabelecer-se de maneira sustent\u00e1vel s\u00e3o vitais para alcan\u00e7ar um desenvolvimento social igualit\u00e1rio. Nossas atividades s\u00e3o divididas em cinco \u00e1reas alinhadas aos Objetivos de Desenvolvimento Sustent\u00e1vel e de acordo com as estrat\u00e9gias das Na\u00e7\u00f5es Unidas.<\/p>\t\t<\/div>\r\n\r\n\t\t\r\n\t\t\t\t<\/div><!-- .dslc-module -->\r\n\t\t\r\n\t\t<div id=\"dslc-module-2bf86b915b7\" class=\"dslc-module-front dslc-module-DSLC_Button dslc-in-viewport-check dslc-in-viewport-anim-none  dslc-col dslc-7-col  dslc-module-handle-like-regular \" data-module-id=\"2bf86b915b7\" data-module=\"DSLC_Button\" data-dslc-module-size=\"7\" data-dslc-anim=\"none\" data-dslc-anim-delay=\"\" data-dslc-anim-duration=\"650\"  data-dslc-anim-easing=\"ease\" data-dslc-preset=\"none\" >\r\n\r\n\t\t\t\r\n\t\t\t\r\n\t\t\r\n\t\t\t<div class=\"dslc-button\">\r\n\t\t\t\t\t\t\t\t\t<a href=\"iniciativas\" target=\"_self\"  onClick=\"\" class=\"\">\r\n\t\t\t\t\t\t\t\t\t\t\t\t\t\t\t\t\t\t\t<span><\/span>\r\n\t\t\t\t\t\t\t\t\t\t\t\t\t\t\t\t\t\t\t\t\t\t\t\t\t\t\t<span class=\"dslc-icon dslc-icon-plus\"><\/span>\t\r\n\t\t\t\t\t\t\t\t\t\t\t\t\t\t\t\t\t\t<\/a>\r\n\t\t\t\t\t\t\t<\/div><!-- .dslc-button -->\r\n\r\n\r\n\t\t\t\t\t\t\r\n\t\t\t\t<\/div><!-- .dslc-module -->\r\n\t\t<\/div><\/div><\/div><\/div>","protected":false},"excerpt":{"rendered":"<p>ProjetosA GARDE se alicer\u00e7a na intera\u00e7\u00e3o com a comunidade e transpar\u00eancia na comunica\u00e7\u00e3o entre as institui\u00e7\u00f5es envolvidas e os atores locais. O desenvolvimento dos nossos projetos \u00e9 voltado para tecnologia para redu\u00e7\u00e3o do risco de desastres, abrindo espa\u00e7os de di\u00e1logo com a academia, representantes do poder p\u00fablico, empresas e comunidades. Estes di\u00e1logos refor\u00e7am a rela\u00e7\u00e3o [&hellip;]<\/p>\n","protected":false},"author":1,"featured_media":0,"parent":0,"menu_order":0,"comment_status":"closed","ping_status":"closed","template":"","meta":[],"_links":{"self":[{"href":"https:\/\/gardeassociation.org\/pt\/wp-json\/wp\/v2\/pages\/13"}],"collection":[{"href":"https:\/\/gardeassociation.org\/pt\/wp-json\/wp\/v2\/pages"}],"about":[{"href":"https:\/\/gardeassociation.org\/pt\/wp-json\/wp\/v2\/types\/page"}],"author":[{"embeddable":true,"href":"https:\/\/gardeassociation.org\/pt\/wp-json\/wp\/v2\/users\/1"}],"replies":[{"embeddable":true,"href":"https:\/\/gardeassociation.org\/pt\/wp-json\/wp\/v2\/comments?post=13"}],"version-history":[{"count":2,"href":"https:\/\/gardeassociation.org\/pt\/wp-json\/wp\/v2\/pages\/13\/revisions"}],"predecessor-version":[{"id":583,"href":"https:\/\/gardeassociation.org\/pt\/wp-json\/wp\/v2\/pages\/13\/revisions\/583"}],"wp:attachment":[{"href":"https:\/\/gardeassociation.org\/pt\/wp-json\/wp\/v2\/media?parent=13"}],"curies":[{"name":"wp","href":"https:\/\/api.w.org\/{rel}","templated":true}]}}